{"id":9,"date":"2019-01-13T20:10:30","date_gmt":"2019-01-13T20:10:30","guid":{"rendered":"https:\/\/atelierkunstraum7.de\/?page_id=9"},"modified":"2025-01-08T22:07:12","modified_gmt":"2025-01-08T22:07:12","slug":"kurse","status":"publish","type":"page","link":"https:\/\/atelierkunstraum7.de\/en\/kurse\/","title":{"rendered":"Courses"},"content":{"rendered":"<h3 class=\"wp-block-heading\"><strong>Creative courses in M\u00fcnster \u2013 Wolbeck, Berdel 7:<\/strong><\/h3>\n\n\n\n<p>Spend a special day with others in the relaxed atmosphere of my bright and spacious studio. Enjoy being creative and making something unique and individual out of clay with your own hands. Working with clay, paper clay, or porcelain allows us to step away from everyday life and sometimes even see things from a different perspective.<\/p>\n\n\n\n<p>Be inspired and immerse yourself in a meditative creative process under my guidance. Create something special and unique.<\/p>\n\n\n\n<p>During lunch together, thoughts can be exchanged and interesting conversations can take place.<\/p>\n\n\n\n<p>Immerse yourself in a different subject for a day to relax and be creative.<\/p>\n\n\n\n<p>Advance booking is required.<\/p>\n\n\n\n<ul class=\"wp-block-list\">\n<li>Weekly pottery classes for adults<\/li>\n\n\n\n<li>Weekend pottery workshops<\/li>\n\n\n\n<li>Creative group events for individuals and companies, team building <\/li>\n<\/ul>\n\n\n\n<h3 class=\"wp-block-heading\">Weekly pottery class for adults <\/h3>\n\n\n\n<p>Times: Thursday 10:00 a.m. to 1:30 p.m.<\/p>\n\n\n<div class=\"wp-block-image\">\n<figure class=\"alignright is-resized\"><img loading=\"lazy\" decoding=\"async\" width=\"200\" height=\"300\" sizes=\"auto, (max-width: 600px) 100vw, 600px\" src=\"https:\/\/atelierkunstraum7.de\/wp-content\/uploads\/2019\/01\/FlyerBild1-200x300.png\" alt=\"Schale aus einzelnen Tonelementen, Craquel\u00e9 - Glasur, wei\u00df, schwarzes Rissbild\" class=\"wp-image-25\" style=\"width:200px;height:300px\" srcset=\"https:\/\/atelierkunstraum7.de\/wp-content\/uploads\/2019\/01\/FlyerBild1-200x300.png 200w, https:\/\/atelierkunstraum7.de\/wp-content\/uploads\/2019\/01\/FlyerBild1-300x450.png 300w, https:\/\/atelierkunstraum7.de\/wp-content\/uploads\/2019\/01\/FlyerBild1.png 600w\" \/><\/figure>\n<\/div>\n\n\n<ul class=\"wp-block-list\">\n<li>Pottery for beginners and advanced learners<\/li>\n\n\n\n<li>You can join at any time<\/li>\n\n\n\n<li>Continuing course for adults<\/li>\n\n\n\n<li>Different design techniques<\/li>\n\n\n\n<li>Unique surface finishes (special glazes, capsule firing, naked raku)<\/li>\n<\/ul>\n\n\n\n<p>Courses also available for groups by arrangement<\/p>\n\n\n\n<p>Reservation required at:<br>E-Mail: <a href=\"mailto:kontakt@atelierkunstraum7.de\">kontakt@atelierkunstraum7.de<\/a><br>Tel.: 02506 5269710<\/p>\n\n\n\n<figure class=\"wp-block-gallery has-nested-images columns-default is-cropped aligncenter wp-block-gallery-1 is-layout-flex wp-block-gallery-is-layout-flex\">\n<figure class=\"wp-block-image size-large\"><a href=\"https:\/\/atelierkunstraum7.de\/wp-content\/uploads\/2019\/01\/FlyerBild2.png\" data-rel=\"lightbox-gallery-z6Rx2Wej\" data-imagelightbox=\"0\" data-rl_title=\"oben: Teilansicht Naked Raku mit punkt- und rissf\u00f6rmigen Rauchspuren, unten: Objekt Kapselbrand mit Rauchspuren in Orange und Grau- und Schwarzt\u00f6nen\" data-rl_caption=\"oben: Teilansicht Naked Raku mit punkt- und rissf\u00f6rmigen Rauchspuren, unten: Objekt Kapselbrand mit Rauchspuren in Orange und Grau- und Schwarzt\u00f6nen\" title=\"oben: Teilansicht Naked Raku mit punkt- und rissf\u00f6rmigen Rauchspuren, unten: Objekt Kapselbrand mit Rauchspuren in Orange und Grau- und Schwarzt\u00f6nen\"><img loading=\"lazy\" decoding=\"async\" width=\"800\" height=\"553\" data-id=\"26\" src=\"https:\/\/atelierkunstraum7.de\/wp-content\/uploads\/2019\/01\/FlyerBild2.png\" alt=\"oben: Teilansicht Naked Raku mit punkt- und  rissf\u00f6rmigen Rauchspuren, unten: Objekt Kapselbrand mit Rauchspuren in Orange und Grau- und Schwarzt\u00f6nen\" class=\"wp-image-26\" srcset=\"https:\/\/atelierkunstraum7.de\/wp-content\/uploads\/2019\/01\/FlyerBild2.png 800w, https:\/\/atelierkunstraum7.de\/wp-content\/uploads\/2019\/01\/FlyerBild2-300x207.png 300w, https:\/\/atelierkunstraum7.de\/wp-content\/uploads\/2019\/01\/FlyerBild2-600x415.png 600w, https:\/\/atelierkunstraum7.de\/wp-content\/uploads\/2019\/01\/FlyerBild2-768x531.png 768w\" sizes=\"auto, (max-width: 800px) 100vw, 800px\" \/><\/a><\/figure>\n\n\n\n<figure class=\"wp-block-image size-large\"><a href=\"https:\/\/atelierkunstraum7.de\/wp-content\/uploads\/2019\/01\/FlyerBild3.png\" data-rel=\"lightbox-gallery-z6Rx2Wej\" data-imagelightbox=\"1\" data-rl_title=\"Teilansicht eines Kapselbrandes in Orange- und Tiefrot-T\u00f6nen mit T\u00fcrkis durch Verwendung verschiedener Naturmaterialien\" data-rl_caption=\"Teilansicht eines Kapselbrandes in Orange- und Tiefrot-T\u00f6nen mit T\u00fcrkis durch Verwendung verschiedener Naturmaterialien\" title=\"Teilansicht eines Kapselbrandes in Orange- und Tiefrot-T\u00f6nen mit T\u00fcrkis durch Verwendung verschiedener Naturmaterialien\"><img loading=\"lazy\" decoding=\"async\" width=\"800\" height=\"553\" data-id=\"23\" src=\"https:\/\/atelierkunstraum7.de\/wp-content\/uploads\/2019\/01\/FlyerBild3.png\" alt=\"Teilansicht eines Kapselbrandes in Orange- und Tiefrot-T\u00f6nen mit T\u00fcrkis durch Verwendung verschiedener Naturmaterialien\" class=\"wp-image-23\" srcset=\"https:\/\/atelierkunstraum7.de\/wp-content\/uploads\/2019\/01\/FlyerBild3.png 800w, https:\/\/atelierkunstraum7.de\/wp-content\/uploads\/2019\/01\/FlyerBild3-300x207.png 300w, https:\/\/atelierkunstraum7.de\/wp-content\/uploads\/2019\/01\/FlyerBild3-600x415.png 600w, https:\/\/atelierkunstraum7.de\/wp-content\/uploads\/2019\/01\/FlyerBild3-768x531.png 768w\" sizes=\"auto, (max-width: 800px) 100vw, 800px\" \/><\/a><\/figure>\n\n\n\n<figure class=\"wp-block-image size-large\"><a href=\"https:\/\/atelierkunstraum7.de\/wp-content\/uploads\/2019\/01\/FlyerBild4.png\" data-rel=\"lightbox-gallery-z6Rx2Wej\" data-imagelightbox=\"2\" data-rl_title=\"Keramikobjekt mit Draht und Rauchspuren von Draht\" data-rl_caption=\"Keramikobjekt mit Draht und Rauchspuren von Draht\" title=\"Keramikobjekt mit Draht und Rauchspuren von Draht\"><img loading=\"lazy\" decoding=\"async\" width=\"800\" height=\"555\" data-id=\"24\" src=\"https:\/\/atelierkunstraum7.de\/wp-content\/uploads\/2019\/01\/FlyerBild4.png\" alt=\"Keramikobjekt mit Draht und Rauchspuren von Draht\" class=\"wp-image-24\" srcset=\"https:\/\/atelierkunstraum7.de\/wp-content\/uploads\/2019\/01\/FlyerBild4.png 800w, https:\/\/atelierkunstraum7.de\/wp-content\/uploads\/2019\/01\/FlyerBild4-300x208.png 300w, https:\/\/atelierkunstraum7.de\/wp-content\/uploads\/2019\/01\/FlyerBild4-600x416.png 600w, https:\/\/atelierkunstraum7.de\/wp-content\/uploads\/2019\/01\/FlyerBild4-768x533.png 768w\" sizes=\"auto, (max-width: 800px) 100vw, 800px\" \/><\/a><\/figure>\n<\/figure>\n\n\n\n<figure class=\"wp-block-gallery has-nested-images columns-4 is-cropped wp-block-gallery-2 is-layout-flex wp-block-gallery-is-layout-flex\">\n<figure class=\"wp-block-image size-large\"><a href=\"https:\/\/atelierkunstraum7.de\/wp-content\/uploads\/2021\/06\/IMG_20201226_154012-1-scaled.jpg\" data-rel=\"lightbox-gallery-z6Rx2Wej\" data-imagelightbox=\"3\" data-rl_title=\"Keramikstern, Raku, teilvergoldet, blau\" data-rl_caption=\"Keramikstern, Raku, teilvergoldet, blau\" title=\"Keramikstern, Raku, teilvergoldet, blau\"><img loading=\"lazy\" decoding=\"async\" width=\"768\" height=\"1024\" sizes=\"auto, (max-width: 768px) 100vw, 768px\" data-id=\"328\" src=\"https:\/\/atelierkunstraum7.de\/wp-content\/uploads\/2021\/06\/IMG_20201226_154012-1-768x1024.jpg\" alt=\"Keramikstern, Raku, teilvergoldet, blau\" class=\"wp-image-328\" srcset=\"https:\/\/atelierkunstraum7.de\/wp-content\/uploads\/2021\/06\/IMG_20201226_154012-1-768x1024.jpg 768w, https:\/\/atelierkunstraum7.de\/wp-content\/uploads\/2021\/06\/IMG_20201226_154012-1-scaled-300x400.jpg 300w, https:\/\/atelierkunstraum7.de\/wp-content\/uploads\/2021\/06\/IMG_20201226_154012-1-scaled-600x800.jpg 600w, https:\/\/atelierkunstraum7.de\/wp-content\/uploads\/2021\/06\/IMG_20201226_154012-1-225x300.jpg 225w, https:\/\/atelierkunstraum7.de\/wp-content\/uploads\/2021\/06\/IMG_20201226_154012-1-1152x1536.jpg 1152w, https:\/\/atelierkunstraum7.de\/wp-content\/uploads\/2021\/06\/IMG_20201226_154012-1-1536x2048.jpg 1536w, https:\/\/atelierkunstraum7.de\/wp-content\/uploads\/2021\/06\/IMG_20201226_154012-1-1320x1760.jpg 1320w, https:\/\/atelierkunstraum7.de\/wp-content\/uploads\/2021\/06\/IMG_20201226_154012-1-scaled.jpg 1920w\" \/><\/a><\/figure>\n\n\n\n<figure class=\"wp-block-image size-large\"><a href=\"https:\/\/atelierkunstraum7.de\/wp-content\/uploads\/2021\/06\/IMG_20210126_172208-scaled.jpg\" data-rel=\"lightbox-gallery-z6Rx2Wej\" data-imagelightbox=\"4\" data-rl_title=\"Objekt mit Lichtinstallation\" data-rl_caption=\"Objekt mit Lichtinstallation\" title=\"Objekt mit Lichtinstallation\"><img loading=\"lazy\" decoding=\"async\" width=\"768\" height=\"1024\" sizes=\"auto, (max-width: 768px) 100vw, 768px\" data-id=\"329\" src=\"https:\/\/atelierkunstraum7.de\/wp-content\/uploads\/2021\/06\/IMG_20210126_172208-768x1024.jpg\" alt=\"Objekt mit Lichtinstallation\" class=\"wp-image-329\" srcset=\"https:\/\/atelierkunstraum7.de\/wp-content\/uploads\/2021\/06\/IMG_20210126_172208-768x1024.jpg 768w, https:\/\/atelierkunstraum7.de\/wp-content\/uploads\/2021\/06\/IMG_20210126_172208-scaled-300x400.jpg 300w, https:\/\/atelierkunstraum7.de\/wp-content\/uploads\/2021\/06\/IMG_20210126_172208-scaled-600x800.jpg 600w, https:\/\/atelierkunstraum7.de\/wp-content\/uploads\/2021\/06\/IMG_20210126_172208-225x300.jpg 225w, https:\/\/atelierkunstraum7.de\/wp-content\/uploads\/2021\/06\/IMG_20210126_172208-1152x1536.jpg 1152w, https:\/\/atelierkunstraum7.de\/wp-content\/uploads\/2021\/06\/IMG_20210126_172208-1536x2048.jpg 1536w, https:\/\/atelierkunstraum7.de\/wp-content\/uploads\/2021\/06\/IMG_20210126_172208-1320x1760.jpg 1320w, https:\/\/atelierkunstraum7.de\/wp-content\/uploads\/2021\/06\/IMG_20210126_172208-scaled.jpg 1920w\" \/><\/a><\/figure>\n\n\n\n<figure class=\"wp-block-image size-large\"><a href=\"https:\/\/atelierkunstraum7.de\/wp-content\/uploads\/2021\/06\/IMG_20210513_132723_BURST001_COVER-scaled.jpg\" data-rel=\"lightbox-gallery-z6Rx2Wej\" data-imagelightbox=\"5\" data-rl_title=\"Geschirr aus Keramik, verschiedene Glasuren und Glasurverfahren\" data-rl_caption=\"Geschirr aus Keramik, verschiedene Glasuren und Glasurverfahren\" title=\"Geschirr aus Keramik, verschiedene Glasuren und Glasurverfahren\"><img loading=\"lazy\" decoding=\"async\" width=\"768\" height=\"1024\" sizes=\"auto, (max-width: 768px) 100vw, 768px\" data-id=\"341\" src=\"https:\/\/atelierkunstraum7.de\/wp-content\/uploads\/2021\/06\/IMG_20210513_132723_BURST001_COVER-768x1024.jpg\" alt=\"Geschirr aus Keramik, verschiedene Glasuren und Glasurverfahren\" class=\"wp-image-341\" srcset=\"https:\/\/atelierkunstraum7.de\/wp-content\/uploads\/2021\/06\/IMG_20210513_132723_BURST001_COVER-768x1024.jpg 768w, https:\/\/atelierkunstraum7.de\/wp-content\/uploads\/2021\/06\/IMG_20210513_132723_BURST001_COVER-scaled-300x400.jpg 300w, https:\/\/atelierkunstraum7.de\/wp-content\/uploads\/2021\/06\/IMG_20210513_132723_BURST001_COVER-scaled-600x800.jpg 600w, https:\/\/atelierkunstraum7.de\/wp-content\/uploads\/2021\/06\/IMG_20210513_132723_BURST001_COVER-225x300.jpg 225w, https:\/\/atelierkunstraum7.de\/wp-content\/uploads\/2021\/06\/IMG_20210513_132723_BURST001_COVER-1152x1536.jpg 1152w, https:\/\/atelierkunstraum7.de\/wp-content\/uploads\/2021\/06\/IMG_20210513_132723_BURST001_COVER-1536x2048.jpg 1536w, https:\/\/atelierkunstraum7.de\/wp-content\/uploads\/2021\/06\/IMG_20210513_132723_BURST001_COVER-1320x1760.jpg 1320w, https:\/\/atelierkunstraum7.de\/wp-content\/uploads\/2021\/06\/IMG_20210513_132723_BURST001_COVER-scaled.jpg 1920w\" \/><\/a><\/figure>\n\n\n\n<figure class=\"wp-block-image size-large\"><a href=\"https:\/\/atelierkunstraum7.de\/wp-content\/uploads\/2021\/06\/IMG_20210210_194134-scaled.jpg\" data-rel=\"lightbox-gallery-z6Rx2Wej\" data-imagelightbox=\"6\" data-rl_title=\"Teller und Schalen aus Keramik, Hochbrand\" data-rl_caption=\"Teller und Schalen aus Keramik, Hochbrand\" title=\"Teller und Schalen aus Keramik, Hochbrand\"><img loading=\"lazy\" decoding=\"async\" width=\"768\" height=\"1024\" sizes=\"auto, (max-width: 768px) 100vw, 768px\" data-id=\"336\" src=\"https:\/\/atelierkunstraum7.de\/wp-content\/uploads\/2021\/06\/IMG_20210210_194134-768x1024.jpg\" alt=\"Teller und Schalen aus Keramik, Hochbrand\" class=\"wp-image-336\" srcset=\"https:\/\/atelierkunstraum7.de\/wp-content\/uploads\/2021\/06\/IMG_20210210_194134-768x1024.jpg 768w, https:\/\/atelierkunstraum7.de\/wp-content\/uploads\/2021\/06\/IMG_20210210_194134-scaled-300x400.jpg 300w, https:\/\/atelierkunstraum7.de\/wp-content\/uploads\/2021\/06\/IMG_20210210_194134-scaled-600x800.jpg 600w, https:\/\/atelierkunstraum7.de\/wp-content\/uploads\/2021\/06\/IMG_20210210_194134-225x300.jpg 225w, https:\/\/atelierkunstraum7.de\/wp-content\/uploads\/2021\/06\/IMG_20210210_194134-1152x1536.jpg 1152w, https:\/\/atelierkunstraum7.de\/wp-content\/uploads\/2021\/06\/IMG_20210210_194134-1536x2048.jpg 1536w, https:\/\/atelierkunstraum7.de\/wp-content\/uploads\/2021\/06\/IMG_20210210_194134-1320x1760.jpg 1320w, https:\/\/atelierkunstraum7.de\/wp-content\/uploads\/2021\/06\/IMG_20210210_194134-scaled.jpg 1920w\" \/><\/a><\/figure>\n<\/figure>\n\n\n\n<p>Under expert guidance, use clay, porcelain, and paper clay to create unusual, one-of-a-kind pieces for yourself, your home, or your garden, including everyday objects and sculptures. Build clay objects in modern designs and learn about interesting surface treatments. You can also incorporate elements from other media, such as pieces from nature. Get inspiration and develop your own ideas in a relaxed atmosphere.<\/p>\n\n\n\n<hr class=\"wp-block-separator has-css-opacity\"\/>\n\n\n\n<h3 class=\"wp-block-heading\">Saturday classes <\/h3>\n\n\n\n<div class=\"wp-block-group\"><div class=\"wp-block-group__inner-container is-layout-flow wp-block-group-is-layout-flow\">\n<h4 class=\"wp-block-heading\"><strong>Pottery class on Saturday, by appointment<\/strong><\/h4>\n\n\n\n<p>In the Saturday course, you will learn how to create unique pieces from clay or paper clay under my expert artistic guidance\u2014even if you have no previous experience. We will develop ideas together or bring your own ideas to life. You can experiment with different types of clay (colored clay, speckled clay). These different types of clay have an effect on the glazing result. This will be explained using glaze tiles. Beautifully shaped pieces of wood, stones, etc. can be integrated into the artwork.<\/p>\n\n\n\n<p>The course is suitable for beginners and advanced learners.<\/p>\n\n\n\n<p>Course duration 10:00 a.m. to 5:00 p.m.<\/p>\n\n\n\n<p>The course fee is \u20ac160, including a shared lunch snack and drinks. It must be paid at least two weeks before the course date. If you cancel the course up to 48 hours before it starts, half of the fee will be refunded. The costs for materials (clay, glazes) and two firings will be calculated based on actual consumption and must be paid when you pick up your pieces.<\/p>\n\n\n\n<p>On a second date, which will be set jointly by the group, the objects can be glazed with glazes from my extensive range. This session will last approximately four hours and costs \u20ac40 per person. The fee is payable on the glazing date.<\/p>\n\n\n\n<p><strong>Registration required by contacting +49 2506 5269710 or <a href=\"mailto:kontakt@atelierkunstraum7.de\">kontakt@atelierkunstraum7.de<\/a><\/strong><\/p>\n<\/div><\/div>\n\n\n\n<hr class=\"wp-block-separator has-css-opacity\"\/>\n\n\n\n<figure class=\"wp-block-gallery has-nested-images columns-default is-cropped wp-block-gallery-3 is-layout-flex wp-block-gallery-is-layout-flex\">\n<figure class=\"wp-block-image size-large\"><a href=\"https:\/\/atelierkunstraum7.de\/wp-content\/uploads\/2019\/01\/Bild1_2.jpg\" data-rel=\"lightbox-gallery-z6Rx2Wej\" data-imagelightbox=\"7\" data-rl_title=\"Armband aus Schmuckperlen: schwarzer Ton, Porzellan, Kapselbrandperlen, Filzperle umkl\u00f6ppelt\" data-rl_caption=\"Armband aus Schmuckperlen: schwarzer Ton, Porzellan, Kapselbrandperlen, Filzperle umkl\u00f6ppelt\" title=\"Armband aus Schmuckperlen: schwarzer Ton, Porzellan, Kapselbrandperlen, Filzperle umkl\u00f6ppelt\"><img loading=\"lazy\" decoding=\"async\" width=\"1024\" height=\"683\" sizes=\"auto, (max-width: 1024px) 100vw, 1024px\" data-id=\"57\" src=\"https:\/\/atelierkunstraum7.de\/wp-content\/uploads\/2019\/01\/Bild1_2-1024x683.jpg\" alt=\"Armband aus Schmuckperlen: schwarzer Ton, Porzellan, Kapselbrandperlen, Filzperle umkl\u00f6ppelt\" class=\"wp-image-57\" srcset=\"https:\/\/atelierkunstraum7.de\/wp-content\/uploads\/2019\/01\/Bild1_2-1024x683.jpg 1024w, https:\/\/atelierkunstraum7.de\/wp-content\/uploads\/2019\/01\/Bild1_2-300x200.jpg 300w, https:\/\/atelierkunstraum7.de\/wp-content\/uploads\/2019\/01\/Bild1_2-600x400.jpg 600w, https:\/\/atelierkunstraum7.de\/wp-content\/uploads\/2019\/01\/Bild1_2-768x512.jpg 768w, https:\/\/atelierkunstraum7.de\/wp-content\/uploads\/2019\/01\/Bild1_2.jpg 1200w\" \/><\/a><\/figure>\n\n\n\n<figure class=\"wp-block-image size-large\"><a href=\"https:\/\/atelierkunstraum7.de\/wp-content\/uploads\/2022\/04\/Schale-grau-Dekor-scaled.jpg\" data-rel=\"lightbox-gallery-z6Rx2Wej\" data-imagelightbox=\"8\" data-rl_title=\"Schale-grau-Dekor\" data-rl_caption=\"Schale-grau-Dekor\" title=\"Schale-grau-Dekor\"><img loading=\"lazy\" decoding=\"async\" width=\"1024\" height=\"768\" sizes=\"auto, (max-width: 1024px) 100vw, 1024px\" data-id=\"445\" src=\"https:\/\/atelierkunstraum7.de\/wp-content\/uploads\/2022\/04\/Schale-grau-Dekor-1024x768.jpg\" alt=\"\" class=\"wp-image-445\" srcset=\"https:\/\/atelierkunstraum7.de\/wp-content\/uploads\/2022\/04\/Schale-grau-Dekor-1024x768.jpg 1024w, https:\/\/atelierkunstraum7.de\/wp-content\/uploads\/2022\/04\/Schale-grau-Dekor-300x225.jpg 300w, https:\/\/atelierkunstraum7.de\/wp-content\/uploads\/2022\/04\/Schale-grau-Dekor-scaled-600x450.jpg 600w, https:\/\/atelierkunstraum7.de\/wp-content\/uploads\/2022\/04\/Schale-grau-Dekor-768x576.jpg 768w, https:\/\/atelierkunstraum7.de\/wp-content\/uploads\/2022\/04\/Schale-grau-Dekor-1536x1152.jpg 1536w, https:\/\/atelierkunstraum7.de\/wp-content\/uploads\/2022\/04\/Schale-grau-Dekor-2048x1536.jpg 2048w, https:\/\/atelierkunstraum7.de\/wp-content\/uploads\/2022\/04\/Schale-grau-Dekor-1320x990.jpg 1320w\" \/><\/a><\/figure>\n\n\n\n<figure class=\"wp-block-image size-large\"><a href=\"https:\/\/atelierkunstraum7.de\/wp-content\/uploads\/2019\/01\/Bild3.jpg\" data-rel=\"lightbox-gallery-z6Rx2Wej\" data-imagelightbox=\"9\" data-rl_title=\"Gef\u00e4\u00df mit Deckel, Kapselbrand, Kieselsteine\" data-rl_caption=\"Gef\u00e4\u00df mit Deckel, Kapselbrand, Kieselsteine\" title=\"Gef\u00e4\u00df mit Deckel, Kapselbrand, Kieselsteine\"><img loading=\"lazy\" decoding=\"async\" width=\"1024\" height=\"683\" sizes=\"auto, (max-width: 1024px) 100vw, 1024px\" data-id=\"59\" src=\"https:\/\/atelierkunstraum7.de\/wp-content\/uploads\/2019\/01\/Bild3-1024x683.jpg\" alt=\"Gef\u00e4\u00df mit Deckel, Kapselbrand, Kieselsteine\" class=\"wp-image-59\" srcset=\"https:\/\/atelierkunstraum7.de\/wp-content\/uploads\/2019\/01\/Bild3-1024x683.jpg 1024w, https:\/\/atelierkunstraum7.de\/wp-content\/uploads\/2019\/01\/Bild3-300x200.jpg 300w, https:\/\/atelierkunstraum7.de\/wp-content\/uploads\/2019\/01\/Bild3-600x400.jpg 600w, https:\/\/atelierkunstraum7.de\/wp-content\/uploads\/2019\/01\/Bild3-768x512.jpg 768w, https:\/\/atelierkunstraum7.de\/wp-content\/uploads\/2019\/01\/Bild3.jpg 1200w\" \/><\/a><\/figure>\n<\/figure>\n\n\n\n<hr class=\"wp-block-separator has-css-opacity\"\/>\n\n\n<div class=\"wp-block-image\">\n<figure class=\"aligncenter size-large\"><img loading=\"lazy\" decoding=\"async\" width=\"1024\" height=\"768\" sizes=\"auto, (max-width: 1024px) 100vw, 1024px\" src=\"https:\/\/atelierkunstraum7.de\/wp-content\/uploads\/2021\/12\/IMG_20211127_151221-1024x768.jpg\" alt=\"\" class=\"wp-image-427\" srcset=\"https:\/\/atelierkunstraum7.de\/wp-content\/uploads\/2021\/12\/IMG_20211127_151221-1024x768.jpg 1024w, https:\/\/atelierkunstraum7.de\/wp-content\/uploads\/2021\/12\/IMG_20211127_151221-300x225.jpg 300w, https:\/\/atelierkunstraum7.de\/wp-content\/uploads\/2021\/12\/IMG_20211127_151221-scaled-600x450.jpg 600w, https:\/\/atelierkunstraum7.de\/wp-content\/uploads\/2021\/12\/IMG_20211127_151221-768x576.jpg 768w, https:\/\/atelierkunstraum7.de\/wp-content\/uploads\/2021\/12\/IMG_20211127_151221-1536x1152.jpg 1536w, https:\/\/atelierkunstraum7.de\/wp-content\/uploads\/2021\/12\/IMG_20211127_151221-2048x1536.jpg 2048w, https:\/\/atelierkunstraum7.de\/wp-content\/uploads\/2021\/12\/IMG_20211127_151221-1320x990.jpg 1320w\" \/><\/figure>\n<\/div>\n\n\n<hr class=\"wp-block-separator has-css-opacity\"\/>\n\n\n\n<h3 class=\"wp-block-heading\">I would be delighted to arrange a viewing of my studio by prior appointment. Please call 02506 5269710 to make an appointment.<\/h3>\n\n\n\n<hr class=\"wp-block-separator has-css-opacity\"\/>\n\n\n\n<h3 class=\"wp-block-heading\">Permanent exhibition in the studio<\/h3>","protected":false},"excerpt":{"rendered":"<p>Kreativkurse in M\u00fcnster &#8211; Wolbeck, Berdel 7: Verbringen Sie in entspannter Atmosph\u00e4re in meinen hellen und gro\u00dfz\u00fcgigen Atelierr\u00e4umen mit anderen gemeinsam einen besonderen Tag. Genie\u00dfen Sie es, kreativ zu sein &#8230;<\/p>","protected":false},"author":1,"featured_media":0,"parent":0,"menu_order":0,"comment_status":"closed","ping_status":"closed","template":"","meta":{"footnotes":""},"class_list":["post-9","page","type-page","status-publish","hentry"],"aioseo_notices":[],"_links":{"self":[{"href":"https:\/\/atelierkunstraum7.de\/en\/wp-json\/wp\/v2\/pages\/9","targetHints":{"allow":["GET"]}}],"collection":[{"href":"https:\/\/atelierkunstraum7.de\/en\/wp-json\/wp\/v2\/pages"}],"about":[{"href":"https:\/\/atelierkunstraum7.de\/en\/wp-json\/wp\/v2\/types\/page"}],"author":[{"embeddable":true,"href":"https:\/\/atelierkunstraum7.de\/en\/wp-json\/wp\/v2\/users\/1"}],"replies":[{"embeddable":true,"href":"https:\/\/atelierkunstraum7.de\/en\/wp-json\/wp\/v2\/comments?post=9"}],"version-history":[{"count":146,"href":"https:\/\/atelierkunstraum7.de\/en\/wp-json\/wp\/v2\/pages\/9\/revisions"}],"predecessor-version":[{"id":740,"href":"https:\/\/atelierkunstraum7.de\/en\/wp-json\/wp\/v2\/pages\/9\/revisions\/740"}],"wp:attachment":[{"href":"https:\/\/atelierkunstraum7.de\/en\/wp-json\/wp\/v2\/media?parent=9"}],"curies":[{"name":"wp","href":"https:\/\/api.w.org\/{rel}","templated":true}]}}